{"version":"1.0","provider_name":"GreenLove","provider_url":"https:\/\/zoldeletmod.cafeblog.hu","author_name":"GreenLove","author_url":"https:\/\/zoldeletmod.cafeblog.hu\/author\/greenlove\/","title":"Sz\u00e1rnyalj a Hold erej\u00e9vel!","html":"<h3 style=\"text-align: left\">Folytat\u00f3dnak az \u00f6r\u00f6mteli napok a Hold szerint. Tev\u00e9kenykedni, de kikapcsol\u00f3dni is remek az ikrek fogy\u00f3 hold idej\u00e9n. A leveg\u0151 \u0151selem k\u00f6nnyeds\u00e9ggel, j\u00f3 kedvvel aj\u00e1nd\u00e9koz meg. Hallgass a Holdra ezen a mosolyg\u00f3s h\u00e1rom napon is! Sz\u00e1rnyalj sz\u00e1rnyak n\u00e9lk\u00fcl is!<\/h3>\r\nHa nem tudod, mi az a holdnapt\u00e1r, n\u00e9zd meg <a title=\"Mi\u00e9rt szerethet\u0151 a holdnapt\u00e1r?\" href=\"https:\/\/zoldeletmod.cafeblog.hu\/2014\/05\/12\/miert-szeretheto-a-holdnaptar\/\" target=\"_blank\">ITT<\/a>, mi\u00e9rt is szeretj\u00fck. Ha pedig nem ez az aktu\u00e1lis d\u00e1tum, akkor mindig <a title=\"GreenLove holdnapt\u00e1r\" href=\"https:\/\/zoldeletmod.cafeblog.hu\/kategoria\/eletmod\/holdnaptar-eletmod\/\" target=\"_blank\">ITT <\/a>tal\u00e1lod a legfrissebb bejegyz\u00e9s\u00fcnket.\r\n\r\n[caption id=\"attachment_2067\" align=\"aligncenter\" width=\"600\"]<a href=\"https:\/\/zoldeletmod.cafeblog.hu\/files\/2014\/09\/image.jpg\"><img class=\"size-large wp-image-2067\" src=\"https:\/\/zoldeletmod.cafeblog.hu\/files\/2014\/09\/image-600x337.jpg\" alt=\"source: www.flickr.com\" width=\"600\" height=\"337\" \/><\/a> source: www.flickr.com[\/caption]\r\n<h3 style=\"text-align: center\">Szeptember 14-15-16. ~ vas\u00e1rnap, h\u00e9tf\u0151 \u00e9s kedd<\/h3>\r\n<h3 style=\"text-align: center\">Fogy\u00f3 Hold ~ Aj\u00e1nlott tev\u00e9kenys\u00e9gek<\/h3>\r\n<ul>\r\n\t<li><strong>test<\/strong>: sport, akt\u00edvkod\u00e1s, v\u00e1ll- \u00e9s karizmok edz\u00e9se, fogy\u00f3k\u00fara<\/li>\r\n\t<li><strong>sz\u00e9ps\u00e9g<\/strong>: k\u00e9z\u00e1pol\u00e1s, k\u00f6ny\u00f6k\u00e1pol\u00e1s, massz\u00e1zs, friss\u00edt\u0151 f\u00fcrd\u0151<\/li>\r\n\t<li><strong>h\u00e1ztart\u00e1s<\/strong>: nagytakar\u00edt\u00e1s, f\u00e9m t\u00e1rgyak tiszt\u00edt\u00e1sa, szell\u0151ztet\u00e9s, keny\u00e9rs\u00fct\u00e9s, s\u00fct\u00e9s<\/li>\r\n\t<li><strong>kert<\/strong>: \u00fcltet\u00e9s, gy\u00f3gyn\u00f6v\u00e9nyek sz\u00e1r\u00edt\u00e1sa, f\u00f6ld feletti k\u00e1rtev\u0151k irt\u00e1sa<\/li>\r\n\t<li><span style=\"color: #ff0000\"><strong>ker\u00fclend\u0151<\/strong><\/span>: neh\u00e9z fizikai munka, neh\u00e9z kerti munk\u00e1k, pletyk\u00e1s emberek, konfliktusok<\/li>\r\n<\/ul>\r\n<h2 style=\"text-align: right\">GreenLove Tippek<\/h2>\r\n<h2 style=\"text-align: right\">Holdhallgat\u00f3knak<\/h2>\r\nA kedves bika napok ut\u00e1n meg\u00e9rkezett h\u00e1rom k\u00f6nnyed ikrek holdhat\u00e1s alatt \u00e1ll\u00f3 nap. A leveg\u0151 \u0151selem sz\u00e1rnyakat ad neked is? <strong><span style=\"color: #ff00ff\">\u00d6nismeret<\/span><\/strong>: folytat\u00f3dnak az \u00f6r\u00f6m napjai. <strong>Kedved lehet kimozdulni, \u00faj dolgokkal megismerkedni.<\/strong> M\u00edg a bika napok sor\u00e1n makacss\u00e1g lehetett a t\u00e1rsad, \u00fagy az ikrek k\u00edv\u00e1ncsis\u00e1ggal, nyitotts\u00e1ggal aj\u00e1nd\u00e9koz meg. Tov\u00e1bbra is j\u00f3l eshet, b\u00e1rmi, ami a\u00a0<strong>felt\u00f6lt\u0151d\u00e9st<\/strong>, kikapcsol\u00f3d\u00e1st jelenti neked: koncert, ki\u00e1ll\u00edt\u00e1s, s\u00e9ta, olvas\u00e1s, mind-mind felvid\u00edthatnak most. J\u00f3les\u0151 besz\u00e9lget\u00e9sekre sz\u00e1m\u00edthatsz, \u00e9s bar\u00e1tkozni, ismerkedni is t\u00f6k\u00e9letes napok ezek a Hold szerint. <strong>Mosolyogj<\/strong> sokat, \u00e9s csin\u00e1ld, amihez kedved van! <strong>Vigy\u00e1zz<\/strong> a pletyk\u00e1s emberekkel, a t\u00fal hangos ismer\u0151seiddel most, mert r\u00e1juk is hat a Hold, \u00e9s megt\u00f6bbsz\u00f6r\u00f6z\u0151dhet pletyka\u00e9hs\u00e9g\u00fck.\r\n\r\n[caption id=\"attachment_2068\" align=\"aligncenter\" width=\"600\"]<a href=\"https:\/\/zoldeletmod.cafeblog.hu\/files\/2014\/09\/Fotolia_45922320_L.jpg\"><img class=\"size-large wp-image-2068\" src=\"https:\/\/zoldeletmod.cafeblog.hu\/files\/2014\/09\/Fotolia_45922320_L-600x489.jpg\" alt=\"source: spiritbalanceblog.de\" width=\"600\" height=\"489\" \/><\/a> source: spiritbalanceblog.de[\/caption]\r\n<h3>Fogy\u00f3k\u00far\u00e1z\u00f3k<\/h3>\r\n[caption id=\"attachment_2066\" align=\"alignleft\" width=\"300\"]<a href=\"https:\/\/zoldeletmod.cafeblog.hu\/files\/2014\/09\/www.tvn_.hu_c4fdb7e4f890d636d1d3ea174228317e.jpg\"><img class=\"size-medium wp-image-2066\" src=\"https:\/\/zoldeletmod.cafeblog.hu\/files\/2014\/09\/www.tvn_.hu_c4fdb7e4f890d636d1d3ea174228317e-300x184.jpg\" alt=\"source: blog.xfree.hu\" width=\"300\" height=\"184\" \/><\/a> source: blog.xfree.hu[\/caption]\r\n\r\nA fogy\u00f3 hold m\u00e9g turb\u00f3sabb\u00e1 teszi most a fogy\u00f3k\u00far\u00e1d!<strong> M\u00e9regtelen\u00edt\u00e9sre, sportol\u00e1sra<\/strong> remek napok ezek is, \u00e9s r\u00e1ad\u00e1sul a leveg\u0151 \u0151selem sz\u00e1rnyakat adhat, \u00edgy m\u00e9g v\u00e1gyhatsz is a mozg\u00e1sra, k\u00fczdelemre. A <strong>v\u00e1llak, karok<\/strong> remek\u00fcl form\u00e1zhat\u00f3ak most; ha teheted kicsit gy\u00farj r\u00e1juk k\u00fcl\u00f6n! A vir\u00e1gos jelleg\u0171 z\u00f6lds\u00e9gek fogyaszt\u00e1s\u00e1t t\u00e1mogatja a Hold, mint p\u00e9ld\u00e1ul a brokkoli, karfiol vagy artics\u00f3ka, \u00e9s \u00f3va int az olajok, zs\u00edrok, olajos magvak t\u00falzott fogyaszt\u00e1s\u00e1t\u00f3l. A f\u0151z\u00e9skor, s\u00fct\u00e9skor haszn\u00e1lt zsirad\u00e9kok lehetnek eg\u00e9szs\u00e9gesebb fajt\u00e1k: r\u00e9szes\u00edtsd el\u0151nyben p\u00e9ld\u00e1ul a <a title=\"Sz\u0171z vagy sz\u0171rt k\u00f3kuszolaj?\" href=\"https:\/\/zoldeletmod.cafeblog.hu\/2014\/08\/07\/szuz-vagy-szurt-kokuszolaj\/\" target=\"_blank\">k\u00f3kuszolajat<\/a>. <strong>Seg\u00edtheted<\/strong> a fogy\u00f3k\u00far\u00e1d, fogy\u00f3 holdkor, m\u00e9regtelen\u00edt\u0151 te\u00e1kkal, vagy <a title=\"Manju, a m\u00e9regtelen\u00edt\u00e9s kir\u00e1lyn\u0151je\" href=\"http:\/\/thegreenlove.com\/Manju-fermentalt-ital---500ml\" target=\"_blank\">t\u00e1pl\u00e1l\u00e9kkieg\u00e9sz\u00edt\u0151kkel<\/a>. Gyere sz\u00e9p\u00fclni is, hiszen a fogy\u00f3k\u00fara sikeresebb, ha <a title=\"A term\u00e9szetes magabiztoss\u00e1g filoz\u00f3fi\u00e1ja\" href=\"https:\/\/zoldeletmod.cafeblog.hu\/2014\/09\/06\/a-termeszetes-magabiztossag-filozofiaja\/\" target=\"_blank\"><strong>az \u00f6nbizalmad a hely\u00e9n van.<\/strong><\/a>\r\n<h3>Sz\u00e9p\u00fcl\u0151k<\/h3>\r\n<a href=\"https:\/\/zoldeletmod.cafeblog.hu\/files\/2014\/09\/images-20.jpg\"><img class=\"alignright size-full wp-image-2065\" src=\"https:\/\/zoldeletmod.cafeblog.hu\/files\/2014\/09\/images-20.jpg\" alt=\"v\u00e1llmassz\u00edrka\" width=\"259\" height=\"194\" \/><\/a>A v\u00e1llaidat <strong>massz\u00edroztasd<\/strong> mindenk\u00e9pp, a Hold szerint megsz\u00e9p\u00fclsz egy j\u00f3 <a title=\"Massz\u00edrozz k\u00f3kuszolajjal!\" href=\"https:\/\/zoldeletmod.cafeblog.hu\/2014\/03\/03\/masszirozz-kokuszolajjal\/\" target=\"_blank\">massz\u00edrk\u00e1t\u00f3l <\/a>most. A kezed, k\u00f6ny\u00f6k\u00f6d b\u0151r\u00e9nek rad\u00edroz\u00e1sa aj\u00e1nlott, illetve b\u00e1rmilyen <a title=\"rad\u00edrozz\" href=\"http:\/\/thegreenlove.com\/Bioemsan-arcradir-fahej-kokusz-vanilia---50ml\" target=\"_blank\">b\u0151rtiszt\u00edt\u00e1s<\/a>. A <a title=\"Sz\u0171z k\u00f3kuszolaj\" href=\"http:\/\/thegreenlove.com\/MERU-Szuz-Kokuszolaj-200ml\" target=\"_blank\"><strong>sz\u0171z k\u00f3kuszolaj<\/strong> <\/a>csod\u00e1kat m\u0171vel a repedezett k\u00f6ny\u00f6kkel. Fogy\u00f3 holdkor \u00e9rdemes ak\u00e1r k\u00far\u00e1kat is csin\u00e1lni, \u00e9s ebben a k\u00e9t h\u00e9tben alkalmazni a <a title=\"s\u00f3szappan\" href=\"http:\/\/thegreenlove.com\/Bioemsan-soszappan\" target=\"_blank\">b\u0151rtiszt\u00edt\u00f3 <\/a>kozmetikumokat. Az aromater\u00e1pia, az <a title=\"Illatos f\u00fcrd\u0151k ~ nem csak H\u00f6lgyeknek!\" href=\"https:\/\/zoldeletmod.cafeblog.hu\/2014\/05\/18\/illatos-furdok-nem-csak-holgyeknek\/\" target=\"_blank\"><strong>ill\u00f3olajos f\u00fcrd\u0151k<\/strong> <\/a>k\u00fcl\u00f6n\u00f6sen hat\u00e9konyak a leveg\u0151 \u0151selem idej\u00e9n. <strong>Bar\u00e1tn\u0151kkel sz\u00e9p\u00fclni, vagy a p\u00e1rodat is bevonni<\/strong> m\u00f3k\u00e1s pillanatokat eredm\u00e9nyezhet, \u00e9s nem utols\u00f3sorban csudij\u00f3 besz\u00e9lget\u00e9sek kerekedhetnek bel\u0151le. Ha kozmetikus m\u00e9sz, akkor is hasonl\u00f3 kellemes \u00f3r\u00e1kra sz\u00e1m\u00edthatsz, hiszen a sz\u00e9p\u00fcl\u00e9s szakemberei most 120%-on p\u00f6r\u00f6gnek, \u00e9s a csacsor\u00e1sz\u00e1s is j\u00f3l esik mindannyiunknak. <strong>Vigy\u00e1zz<\/strong>, titkokat ne fecsegj ki, mert most garant\u00e1ltan el\u0151bb k\u00f6rbej\u00e1rj\u00e1k a v\u00e1rost, mint te. A h\u00e1zimunk\u00e1t se hanyagold, hiszen a fogy\u00f3 hold seg\u00edt otthonod tiszt\u00edt\u00e1s\u00e1ban is.\r\n<h3>H\u00e1zit\u00fcnd\u00e9rek<\/h3>\r\n[caption id=\"attachment_2064\" align=\"alignleft\" width=\"300\"]<a href=\"https:\/\/zoldeletmod.cafeblog.hu\/files\/2014\/09\/cleaningfairybyewmlloyd1812991742_51d4089a83.jpg\"><img class=\"size-medium wp-image-2064\" src=\"https:\/\/zoldeletmod.cafeblog.hu\/files\/2014\/09\/cleaningfairybyewmlloyd1812991742_51d4089a83-300x225.jpg\" alt=\"source: lakesareacleaning.wordpress.com\" width=\"300\" height=\"225\" \/><\/a> source: lakesareacleaning.wordpress.com[\/caption]\r\n\r\nMost mindenkib\u0151l egy csap\u00e1sra t\u00f6k\u00e9letes h\u00e1zit\u00fcnd\u00e9r v\u00e1lhat. Csod\u00e1s napok, hiszen b\u00e1rmihez fogsz csillog\u00f3 lesz a v\u00e9geredm\u00e9ny a Hold szerint. Ilyenkor \u00e9rdemes egy <strong>teljes k\u00f6r\u0171 <a title=\"bio takar\u00edt\u00f3szer koncentr\u00e1tumok\" href=\"http:\/\/thegreenlove.com\/spl\/440868\/eMC-Probiotikus-tiszitoszerek\" target=\"_blank\">bio takar\u00edt\u00e1ssal<\/a> <\/strong>v\u00e9gig szaladni a h\u00e1zon, lak\u00e1son. A h\u00e1rom nap szuper, hiszen sz\u00e9pen feloszthatod a teend\u0151ket. Kezdheted a pormentes\u00edt\u00e9ssel, porsz\u00edv\u00f3z\u00e1ssal, majd r\u00e1t\u00e9rhetsz a f\u00fcrd\u0151 \u00e9s konyha tiszt\u00edt\u00e1s\u00e1ra. <strong>A vasal\u00e1st, mos\u00e1st hagyd m\u00e1s napokra,<\/strong> de a szell\u0151ztet\u00e9sr\u0151l ne feledkezz el. Az illatok tov\u00e1bbra is feldobhatj\u00e1k otthonod hangulat\u00e1t. Az <a title=\"levendula olaj szett\" href=\"http:\/\/thegreenlove.com\/Bioemsan-levendula-olaj-szett\" target=\"_blank\">aromater\u00e1pia<\/a>, illetve illatos szekr\u00e9nyp\u00e1rn\u00e1csk\u00e1k k\u00e9sz\u00edt\u00e9se most k\u00f6telez\u0151en aj\u00e1nlott a Hold \u00e1ltal. Ne is fecs\u00e9reled az id\u0151d olvasgat\u00e1ssal! Ir\u00e1ny a h\u00e1zimunka! <strong>Vigy\u00e1zz<\/strong>, ne v\u00e1llald t\u00fal magad, mert a Hold szerint most hamarabb elf\u00e1radsz, mint megszokhattad, \u00e9s t\u00f6bb felt\u00f6lt\u0151d\u00e9sre lehet sz\u00fcks\u00e9ged az \u00e1tlagosn\u00e1l.\r\n<h3>Kert\u00e9szek<\/h3>\r\n[caption id=\"attachment_2062\" align=\"alignright\" width=\"200\"]<a href=\"https:\/\/zoldeletmod.cafeblog.hu\/files\/2014\/09\/gnome-book-w5.jpg\"><img class=\"size-medium wp-image-2062\" src=\"https:\/\/zoldeletmod.cafeblog.hu\/files\/2014\/09\/gnome-book-w5-200x300.jpg\" alt=\"source: picture-newsletter.com\/\" width=\"200\" height=\"300\" \/><\/a> source: picture-newsletter.com\/[\/caption]\r\n\r\nA kora \u0151szi kerti munk\u00e1k mellett most aj\u00e1nlott a szersz\u00e1maidat rendbe tenni. A f\u00f6ld feletti teend\u0151ket t\u00e1mogatja a hold, \u00e9s a <strong>vir\u00e1gokkal, gy\u00f3gy- \u00e9s f\u0171szern\u00f6v\u00e9nyekkel val\u00f3 <a title=\"biobizz\" href=\"http:\/\/thegreenlove.com\/spl\/302512\/Biobizz\" target=\"_blank\">foglalatoskod\u00e1st<\/a>.<\/strong> R\u00f3zsabokraidat felk\u00e9sz\u00edtheted a t\u00e9lre, \u00e9s ha vannak m\u00e9g rajtuk vir\u00e1gok, akkor most k\u00e9sz\u00edts csod\u00e1s csokrot kerted sz\u00e9ps\u00e9geib\u0151l. \u00c9vel\u0151k \u00e9s k\u00e9tny\u00e1riak <a title=\"cs\u00facs cs\u00edr\u00e1ztat\u00e1s\" href=\"http:\/\/thegreenlove.com\/Csucs-csirazatas-csomag\" target=\"_blank\"><strong>\u00fcltet\u00e9s\u00e9re<\/strong> <\/a>alkalmas napok ezek. Ha az id\u0151j\u00e1r\u00e1s engedi, akkor pr\u00f3b\u00e1lj most sokat id\u0151zni kertedben, mert hat\u00e9konyabb lehetsz, mint az elm\u00falt napokban volt\u00e1l. A <strong>kertit\u00f6rp\u00e9d<\/strong> is veled van most; kihaszn\u00e1lja az id\u0151t, \u00e9s a hold tan\u00e1cs\u00e1t megfogadva a vir\u00e1gokkal, <a title=\"p\u00e1lmaf\u00e1s gy\u00f3gyn\u00f6v\u00e9nyek\" href=\"https:\/\/palmafaproject.cafeblog.hu\/2014\/09\/11\/bemutatkoznak-a-fuszernovenyeim\/?utm_source=facebook&amp;utm_medium=social&amp;utm_content=cafeblog&amp;utm_campaign=20140913\" target=\"_blank\">gy\u00f3gyn\u00f6v\u00e9nyekkel <\/a>foglalatoskodik,\u00e9s felt\u00f6lt\u0151dik\u00a0n\u00e9zd:\r\n\r\n<em><strong>Kellemes, k\u00f6nnyed napokat k\u00edv\u00e1nunk:<\/strong><\/em>\r\n\r\n<em><strong>GreenLove ~ Z\u00f6ld Gondolkod\u00e1s, Z\u00f6ld Gondoskod\u00e1s<\/strong><\/em>","type":"rich","thumbnail_url":"https:\/\/zoldeletmod.cafeblog.hu\/files\/2014\/09\/Fotolia_45922320_L-150x150.jpg","thumbnail_width":150,"thumbnail_height":150}