{"version":"1.0","provider_name":"GreenLove","provider_url":"https:\/\/zoldeletmod.cafeblog.hu","author_name":"GreenLove","author_url":"https:\/\/zoldeletmod.cafeblog.hu\/author\/greenlove\/","title":"Anyuk\u00e1knak szeretettel","html":"<p style=\"text-align: center\"><em>\"Mindig azt gondoltam, az ember a saj\u00e1t anyj\u00e1t\u00f3l tanulja meg, hogyan kell any\u00e1nak lenni. De nem igaz. A gyerekedt\u0151l. A gyerekedt\u0151l tanulod meg, hogyan legy\u00e9l anya.\"<\/em><\/p>\r\n<p style=\"text-align: center\"><em>~ Tony Parsons ~<\/em><\/p>\r\n<h3>Amikor anya lettem, minden \u00e1t\u00e9rt\u00e9kel\u0151d\u00f6tt bennem. Volt, amivel k\u00f6nnyed\u00e9n megbirk\u00f3ztam, de volt amivel sok\u00e1ig k\u00fczd\u00f6ttem. Szerencs\u00e9mre akkoriban volt egy csod\u00e1s bar\u00e1tn\u0151m, aki szint\u00e9n els\u0151 kisbab\u00e1s anyuka volt, \u00e9s egy\u00fctt k\u00fczd\u00f6tt\u00fcnk a megv\u00e1ltozott \u00e9lethelyzet neh\u00e9zs\u00e9geivel.<\/h3>\r\n<p><a href=\"https:\/\/zoldeletmod.cafeblog.hu\/files\/2014\/10\/2048x2048.jpg\"><img class=\"aligncenter size-large wp-image-2558\" src=\"https:\/\/zoldeletmod.cafeblog.hu\/files\/2014\/10\/2048x2048-600x600.jpg\" alt=\"anya\" width=\"600\" height=\"600\" \/><\/a><\/p>\r\n<ul>\r\n<li>az alkalmazkod\u00e1s kir\u00e1lyn\u0151i lett\u00fcnk<\/li>\r\n<li>r\u00e1j\u00f6tt\u00fcnk, hogy mi v\u00e9g\u00fcl is b\u00e1rmit megesz\u00fcnk, ha akad 5 perc\u00fcnk<\/li>\r\n<li>ha eluralkodott valamelyik\u00fcnkn\u00e9l a k\u00e1osz, akkor vigy\u00e1ztunk egym\u00e1s bab\u00e1ira, m\u00edg a m\u00e1sik rendet v\u00e1gott<\/li>\r\n<\/ul>\r\n<p>T\u00f6rekedt\u00fcnk min\u00e9l gyorsabban makul\u00e1tlan tisztas\u00e1got var\u00e1zsolni.<strong> Haszn\u00e1ltuk a bombaszereket:<\/strong> Domestos, Cillit, Mr.Muscle volt a legjobb haverunk. Azt\u00e1n megt\u00f6rt\u00e9nt a baj. Olyan, amire m\u00e1r nem is akarsz gondolkodni a sok fontos \u00e9s musz\u00e1j k\u00f6z\u00f6tt:<\/p>\r\n<p>f\u00fcrd\u00e9s ut\u00e1n mindkett\u0151nk gyerek\u00e9nek a popsija, l\u00e1ba p\u00f6tty\u00f6s lett. Telefon, ok\u00e9s, bekent\u00fck, rendben elm\u00falt. M\u00e1snap megint. Harmadnap \u00e9n takar\u00edtottam, \u0151 nem. Nek\u00fcnk megint, nekik nem. Mi lehet ez?<\/p>\r\n<p><em>Ir\u00e1ny a doki: b\u0151rirrit\u00e1ci\u00f3.<\/em><\/p>\r\n<p><strong>Megvil\u00e1gosod\u00e1s:<\/strong> a k\u00e1d... a nagy fert\u0151tlen\u00edt\u00e9s, tiszt\u00e1n tart\u00e1s k\u00f6zepette a vegyszermaradv\u00e1nyok, b\u00e1r n\u00e1lunk feln\u0151ttekn\u00e9l nem okoztak l\u00e1tv\u00e1nyos elv\u00e1ltoz\u00e1st, a f\u00e9l \u00e9ves gyermek b\u0151re viszont azonnal jelezte a helyzet NEM norm\u00e1lis mivolt\u00e1t.<\/p>\r\n<p><a href=\"https:\/\/zoldeletmod.cafeblog.hu\/files\/2014\/10\/Baby-Bath.png\"><img class=\"aligncenter size-large wp-image-2559\" src=\"https:\/\/zoldeletmod.cafeblog.hu\/files\/2014\/10\/Baby-Bath-600x411.png\" alt=\"f\u00fcrdik a babu\" width=\"600\" height=\"411\" \/><\/a><\/p>\r\n<h3>Gondolkodj velem:<\/h3>\r\n<p><span style=\"text-decoration: underline\">Milyen tisztas\u00e1g az<\/span>, aminek el\u00e9r\u00e9se k\u00f6zben Nekem v\u00e9d\u0151felszerel\u00e9st kell viselnem (gumikeszty\u0171, de maszk se \u00e1rtana), \u00e9s a gyerekemet t\u00e1vol kell tartanom a \"tett helysz\u00edn\u00e9t\u0151l\"? Honnan tudom, hogy ezek a vesz\u00e9lyes anyagok (mert azok, ott a c\u00edmk\u00e9n a figyelmeztet\u0151 jel), mikor t\u0171nnek el teljesen? Le lehet \u0151ket mosni a legapr\u00f3bb \u00f6sszetev\u0151ig?<\/p>\r\n[caption id=\"attachment_2563\" align=\"aligncenter\" width=\"503\"]<a href=\"https:\/\/zoldeletmod.cafeblog.hu\/files\/2014\/10\/EU-szimbolumok.jpg\"><img class=\"size-large wp-image-2563\" src=\"https:\/\/zoldeletmod.cafeblog.hu\/files\/2014\/10\/EU-szimbolumok-503x600.jpg\" alt=\"forr\u00e1s: gyujtoforras.hu\" width=\"503\" height=\"600\" \/><\/a> forr\u00e1s: gyujtoforras.hu[\/caption]\r\n<h3>Ekkor m\u00e1r tudtam, hogy vegyszermentesre kell v\u00e1ltanom.<\/h3>\r\n<p>Megt\u00f6rt\u00e9nt: j\u00f6ttek az ecet, sz\u00f3dabikarb\u00f3na \u00e9s t\u00e1rsai, de bevallom \u0151szint\u00e9n \u00e9s h\u0151siesen, hogy <a title=\"Vegyszermentes takar\u00edt\u00e1s\u2026bonyolult?\" href=\"https:\/\/zoldeletmod.cafeblog.hu\/2014\/06\/11\/vegyszermentes-takaritas-bonyolult\/\" target=\"_blank\">Nekem a vegyszermentes takar\u00edt\u00f3szerek h\u00e1zi kutyul\u00e1sa m\u00e1r sok volt,<\/a> \u00e9s nem szeretem az ecet szag\u00e1t, \u00e9s anyagilag sem \u00e9reztem megold\u00e1snak.<\/p>\r\n<p>Az\u00f3ta a f\u00e9rjem allergi\u00e1ja kapcs\u00e1n megtal\u00e1ltam a megold\u00e1st, amit nagyon melegen aj\u00e1nlok <strong>minden anyuk\u00e1nak,<\/strong> mert<\/p>\r\n<ul>\r\n<li>teljesen <strong>vegyszermentes<\/strong>, parf\u00fcmmentes, <a title=\"Szerelmem a PROBIOTIKUS takar\u00edt\u00e1s\" href=\"https:\/\/zoldeletmod.cafeblog.hu\/2014\/02\/18\/szerelmem-a-probiotikus-takaritas\/\" target=\"_blank\">biol\u00f3giai takar\u00edt\u00f3szer<\/a>, \u00edgy m\u00e9g a gyerekek is bevonhat\u00f3ak a h\u00e1zimunk\u00e1ba, de legal\u00e1bbis nem kell agg\u00f3dva elker\u00edtened, vagy t\u00e1vol tartanod \u0151ket, am\u00edg dolgozol<\/li>\r\n<li><strong>id\u0151t sp\u00f3rolsz<\/strong> vele, mert <a title=\"A \u201cl\u00f6tyi\u201d, ami visszaford\u00edthatn\u00e1 a F\u00f6ld pusztul\u00e1s\u00e1t\" href=\"https:\/\/zoldeletmod.cafeblog.hu\/2014\/05\/02\/a-lotyi-ami-visszafordithatna-a-fold-pusztulasat\/\" target=\"_blank\">\u00e9l\u0151fl\u00f3r\u00e1t <\/a>tartalmaz, ami m\u00e9g napokkal a takar\u00edt\u00e1s ut\u00e1n is dolgozik Neked<\/li>\r\n<li><strong>p\u00e9nzt sp\u00f3rolsz<\/strong>, mert \u00f3ri\u00e1skoncentr\u00e1tumok, \u00edgy <a title=\"A megv\u00e1lt\u00e1s 62 forint\" href=\"https:\/\/zoldeletmod.cafeblog.hu\/2014\/08\/08\/a-megvaltas-62-forint\/\" target=\"_blank\">egy liter 50-60 forintra<\/a> j\u00f6n ki h\u00edg\u00edt\u00e1s ut\u00e1n<\/li>\r\n<li>a tisztas\u00e1g el\u00e9r\u00e9s\u00e9ben<strong> ugyanolyan hat\u00e9konyak<\/strong>, mint vegyszeres t\u00e1rsaik, viszont a <a title=\"Az EMC tanulm\u00e1ny\" href=\"http:\/\/thegreenlove.com\/shop_ordered\/9038\/pic\/EMC.jpg\" target=\"_blank\">bacipuszt\u00edt\u00e1sban <\/a>jobbak<\/li>\r\n<\/ul>\r\n<p><a title=\"eMC mini szett\" href=\"http:\/\/thegreenlove.com\/eMC_tisztitoszer_mini_szett_4100ml\" target=\"_blank\">\u00cdGY\u00a0<\/a>n\u00e9z ki a k\u00f3stol\u00f3 csomag. A magam r\u00e9sz\u00e9r\u0151l az <a title=\"eMC univerz\u00e1lis biotakar\u00edt\u00f3szer koncentr\u00e1tum\" href=\"http:\/\/thegreenlove.com\/eMC_Levendula_probiotikus_univerzalis_tisztitoszer\" target=\"_blank\">univerz\u00e1list haszn\u00e1lom<\/a>, sz\u00f3r\u00f3fejes flakonban h\u00edg\u00edtva, illetve felmos\u00f3v\u00f6d\u00f6rben, vagy vizes lemos\u00e1sokhoz. A <a title=\"em clear l\u00e9g- \u00e9s textilfriss\u00edt\u0151\" href=\"http:\/\/thegreenlove.com\/EM-Clear-Active-bio-legfrissito\" target=\"_blank\">l\u00e9gtiszt\u00edt\u00f3t <\/a>pedig az allergi\u00e1s id\u0151szakban alkalmazom az allerg\u00e9nek megk\u00f6t\u00e9s\u00e9re, sikerrel.<\/p>\r\n<p><strong>Sok-sok anyuka<\/strong>\u00a0ezzel, az<strong> \u00e9l\u0151fl\u00f3r\u00e1s, probitikus biotakar\u00edt\u00e1ssal<\/strong> \u00e9ri el a vegyszermentes tisztas\u00e1got otthon\u00e1ban a fenntarthat\u00f3 fejl\u0151d\u00e9s jegy\u00e9ben. <a title=\"a tiszta tizenkett\u0151\" href=\"http:\/\/bezzeganya.postr.hu\/a-tiszta-tizenketto--avagy-tucatnyi-segitseg-a-hazimunkaban\" target=\"_blank\">\u00cdME\u00a0<\/a>Anna tan\u00e1csai a <strong>bezzeganya<\/strong> oldalr\u00f3l.<\/p>\r\n<p><a href=\"https:\/\/zoldeletmod.cafeblog.hu\/files\/2014\/10\/phpThumb_generated_thumbnailjpg.jpg\"><img class=\"aligncenter size-large wp-image-2561\" src=\"https:\/\/zoldeletmod.cafeblog.hu\/files\/2014\/10\/phpThumb_generated_thumbnailjpg-600x455.jpg\" alt=\"anya\" width=\"600\" height=\"455\" \/><\/a><\/p>\r\n<p><strong>Ha<\/strong> Te is olyan anyuka vagy, akinek fontos a csal\u00e1dja eg\u00e9szs\u00e9ge \u00e9s biztons\u00e1ga, az id\u0151 a p\u00e9nz, \u00e9s a Te energi\u00e1id mellett, akkor csatlakozz kedves k\u00f6z\u00f6ss\u00e9g\u00fcnkh\u00f6z <a title=\"Z\u00f6ld \u00c9letm\u00f3d k\u00f6z\u00f6ss\u00e9g\" href=\"https:\/\/www.facebook.com\/zoldeletmod\" target=\"_blank\">ITT<\/a>.<\/p>\r\n<p>Ha ink\u00e1bb havonta szeretn\u00e9l \u00e9rtes\u00fclni h\u00edreinkr\u0151l, tippjeinkr\u0151l, gondolatainkr\u00f3l, akkor iratkozz fel b\u00e1tran a <strong>GreenLove H\u00edrlev\u00e9lre<\/strong> <a title=\"GreenLove H\u00edrlev\u00e9l\" href=\"http:\/\/eepurl.com\/0hnTP\" target=\"_blank\">ITT<\/a>. (Term\u00e9szetesen b\u00e1rmikor leiratkozhatsz, \u00e9s az adataid titokban tartjuk, \u00e9s nem haszn\u00e1ljuk m\u00e1sra, mint a h\u00edrlev\u00e9l elk\u00fcld\u00e9s\u00e9re. ;) )<\/p>\r\n<p>Tudod, takar\u00edtanom \u00edgy is kell term\u00e9szetesen. Azonban nyugodt vagyok, ha gyerekem m\u00f6g\u00f6ttem j\u00f6n-megy, nem kell fel-le kapkodnom a gumikeszty\u0171t, \u00e9s ritk\u00e1bban kell a rutinon fel\u00fcli teend\u0151ket m\u0171velnem.<\/p>\r\n<p><em><strong>\u00d6lel\u00e9s:<\/strong><\/em><\/p>\r\n<p><em><strong>GreenLove ~ Z\u00f6ld Gondolkod\u00e1s, Z\u00f6ld Gondoskod\u00e1s<\/strong><\/em><\/p>\r\n<p><em><strong>\u00a0<a href=\"http:\/\/thegreenlove.com\/Karacsonyi-villamtakaritas-csomag\" target=\"_blank\">KAR\u00c1CSONYI VILL\u00c1MTAKAR\u00cdT\u00c1S CSOMAG<\/a>\u00a03 aj\u00e1nd\u00e9kkal &lt;3<\/strong><\/em><\/p>","type":"rich","thumbnail_url":"https:\/\/zoldeletmod.cafeblog.hu\/files\/2014\/10\/phpThumb_generated_thumbnailjpg-150x150.jpg","thumbnail_width":150,"thumbnail_height":150}